{"id":59540,"date":"2025-01-11T15:44:01","date_gmt":"2025-01-11T13:44:01","guid":{"rendered":"https:\/\/partizani.al\/sq\/?page_id=59540"},"modified":"2025-01-11T15:45:26","modified_gmt":"2025-01-11T13:45:26","slug":"partizani-b","status":"publish","type":"page","link":"https:\/\/partizani.al\/sq\/sample-page\/partizani-b\/","title":{"rendered":"PARTIZANI B"},"content":{"rendered":"<p>Partizani B do t\u00eb jet\u00eb nj\u00eb prej ekipeve konkuruese t\u00eb Kategoris\u00eb s\u00eb Tret\u00eb. Klubi ka vendosur t\u00eb rikthej\u00eb ekipin \u201cB\u201d duke i shtuar nj\u00eb tjet\u00ebr risi projektit afatgjat\u00eb q\u00eb ka nisur. Pjesmarrja n\u00eb Kategorin\u00eb e Par\u00eb do t\u00eb jet\u00eb edhe objektivi kryesor i skuadr\u00ebs , objektiv t\u00eb cilin Partizani B arriti ta realizonte n\u00eb sezonin 2020 -2021. T\u00eb kuqt\u00eb kan\u00eb nisur sot zyrtarisht p\u00ebrgatitjet n\u00ebn drejtimin e trajnerit Renaldo Kalari . Kampionati Kategoris\u00eb s\u00eb Tret\u00eb do t\u00eb startoj\u00eb m\u00eb 20 Tetor 2024, nd\u00ebrkoh\u00eb q\u00eb Partizani B pritet t\u00eb jet\u00eb pjes\u00eb e skuadrave t\u00eb Grupit B.<\/p>\n<p><img loading=\"lazy\" decoding=\"async\" class=\"aligncenter wp-image-59543 size-full\" src=\"https:\/\/partizani.al\/sq\/wp-content\/uploads\/2025\/01\/KALARI.png\" alt=\"\" width=\"742\" height=\"775\" srcset=\"https:\/\/partizani.al\/sq\/wp-content\/uploads\/2025\/01\/KALARI.png 742w, https:\/\/partizani.al\/sq\/wp-content\/uploads\/2025\/01\/KALARI-287x300.png 287w, https:\/\/partizani.al\/sq\/wp-content\/uploads\/2025\/01\/KALARI-123x128.png 123w, https:\/\/partizani.al\/sq\/wp-content\/uploads\/2025\/01\/KALARI-32x32.png 32w, https:\/\/partizani.al\/sq\/wp-content\/uploads\/2025\/01\/KALARI-500x522.png 500w, https:\/\/partizani.al\/sq\/wp-content\/uploads\/2025\/01\/KALARI-574x600.png 574w, https:\/\/partizani.al\/sq\/wp-content\/uploads\/2025\/01\/KALARI-191x200.png 191w, https:\/\/partizani.al\/sq\/wp-content\/uploads\/2025\/01\/KALARI-431x450.png 431w\" sizes=\"auto, (max-width: 742px) 100vw, 742px\" \/><\/p>\n<p>&nbsp;<\/p>\n<p>&nbsp;<\/p>\n<p><img loading=\"lazy\" decoding=\"async\" class=\"aligncenter wp-image-59546 size-full\" src=\"https:\/\/partizani.al\/sq\/wp-content\/uploads\/2025\/01\/PARTIZANIB.png\" alt=\"\" width=\"770\" height=\"807\" srcset=\"https:\/\/partizani.al\/sq\/wp-content\/uploads\/2025\/01\/PARTIZANIB.png 770w, https:\/\/partizani.al\/sq\/wp-content\/uploads\/2025\/01\/PARTIZANIB-286x300.png 286w, https:\/\/partizani.al\/sq\/wp-content\/uploads\/2025\/01\/PARTIZANIB-768x805.png 768w, https:\/\/partizani.al\/sq\/wp-content\/uploads\/2025\/01\/PARTIZANIB-122x128.png 122w, https:\/\/partizani.al\/sq\/wp-content\/uploads\/2025\/01\/PARTIZANIB-500x524.png 500w, https:\/\/partizani.al\/sq\/wp-content\/uploads\/2025\/01\/PARTIZANIB-572x600.png 572w, https:\/\/partizani.al\/sq\/wp-content\/uploads\/2025\/01\/PARTIZANIB-191x200.png 191w, https:\/\/partizani.al\/sq\/wp-content\/uploads\/2025\/01\/PARTIZANIB-429x450.png 429w\" sizes=\"auto, (max-width: 770px) 100vw, 770px\" \/><\/p>\n<p>&nbsp;<\/p>\n<p><strong>\u00a0 \u00a0 \u00a0 \u00a0 \u00a0 \u00a0 \u00a0 \u00a0 \u00a0 \u00a0 \u00a0 \u00a0 \u00a0 \u00a0 \u00a0 \u00a0 \u00a0 \u00a0 \u00a0 \u00a0 \u00a0 \u00a0 \u00a0 \u00a0 \u00a0 \u00a0 \u00a0 \u00a0 \u00a0 \u00a0 \u00a0 \u00a0 \u00a0 \u00a0 \u00a0 \u00a0 \u00a0 \u00a0 \u00a0 \u00a0 \u00a0 \u00a0 \u00a0 \u00a0 \u00a0 \u00a0 \u00a0 PAK HISTORI\u00a0<\/strong><\/p>\n<p>\u27a1\ufe0f Zanafilla e Skuadr\u00ebs B: Historia e skuadr\u00ebs B t\u00eb Partizanit fillon 76 vite m\u00eb par\u00eb. M\u00eb 3 tetor 1948, u zhvillua kompeticioni i par\u00eb i Kategoris\u00eb s\u00eb Par\u00eb, ku Partizani u p\u00ebrfaq\u00ebsua me nj\u00eb skuad\u00ebr B. Partizani B arriti nj\u00eb start t\u00eb shk\u00eblqyer, duke fituar 5 ndeshjet e para radhazi me nj\u00eb golavarazh mbres\u00ebl\u00ebn\u00ebs prej 25 me 5, dhe duke u renditur n\u00eb vendin e par\u00eb nga 8 skuadrat pjes\u00ebmarr\u00ebse n\u00eb gar\u00eb.<br \/>\nMegjithat\u00eb, kompeticioni u anulua m\u00eb 31 mars 1949 p\u00ebr shkak t\u00eb politik\u00ebs s\u00eb koh\u00ebs.<\/p>\n<p>\u27a1\ufe0f Rikthimi pas 65 vitesh: Pas nj\u00eb pauze t\u00eb gjat\u00eb, m\u00eb 15 mars 2013, Partizani u p\u00ebrfaq\u00ebsua s\u00ebrish me nj\u00eb skuad\u00ebr B, duke e nisur nga Kategoria e Tret\u00eb n\u00eb sezonin 2014\/15.<\/p>\n<p>\u27a1\ufe0f Sukseset n\u00eb Ligat Profesioniste: Gjat\u00eb 8 sezoneve pjes\u00ebmarr\u00ebse n\u00eb ligat profesioniste, skuadra e Partizanit B u paraqit me dinjitet, duke korrur fitore dhe garuar p\u00ebr pozicione t\u00eb mira n\u00eb Kategorin\u00eb e Par\u00eb.<\/p>\n<p>\u27a1\ufe0f Pjes\u00ebmarrja e Fundit dhe Rikthimi: Pjes\u00ebmarrja e fundit e skuadr\u00ebs B ishte n\u00eb vitin 2021. Tashm\u00eb, Partizani B rikthehet edhe nj\u00eb her\u00eb p\u00ebr t\u00eb p\u00ebrfaq\u00ebsuar denj\u00ebsisht emrin e Partizanit.<\/p>\n","protected":false},"excerpt":{"rendered":"<p>Partizani B do t\u00eb jet\u00eb nj\u00eb prej ekipeve konkuruese t\u00eb Kategoris\u00eb s\u00eb Tret\u00eb. Klubi ka vendosur t\u00eb rikthej\u00eb ekipin \u201cB\u201d duke i shtuar nj\u00eb tjet\u00ebr risi projektit afatgjat\u00eb q\u00eb ka&#8230;<\/p>\n","protected":false},"author":2,"featured_media":0,"parent":2,"menu_order":0,"comment_status":"closed","ping_status":"closed","template":"","meta":{"_seopress_robots_primary_cat":"","_seopress_titles_title":"","_seopress_titles_desc":"","_seopress_robots_index":"","_vp_format_video_url":"","_vp_image_focal_point":[],"footnotes":""},"class_list":["post-59540","page","type-page","status-publish","hentry"],"_links":{"self":[{"href":"https:\/\/partizani.al\/sq\/wp-json\/wp\/v2\/pages\/59540","targetHints":{"allow":["GET"]}}],"collection":[{"href":"https:\/\/partizani.al\/sq\/wp-json\/wp\/v2\/pages"}],"about":[{"href":"https:\/\/partizani.al\/sq\/wp-json\/wp\/v2\/types\/page"}],"author":[{"embeddable":true,"href":"https:\/\/partizani.al\/sq\/wp-json\/wp\/v2\/users\/2"}],"replies":[{"embeddable":true,"href":"https:\/\/partizani.al\/sq\/wp-json\/wp\/v2\/comments?post=59540"}],"version-history":[{"count":1,"href":"https:\/\/partizani.al\/sq\/wp-json\/wp\/v2\/pages\/59540\/revisions"}],"predecessor-version":[{"id":59547,"href":"https:\/\/partizani.al\/sq\/wp-json\/wp\/v2\/pages\/59540\/revisions\/59547"}],"up":[{"embeddable":true,"href":"https:\/\/partizani.al\/sq\/wp-json\/wp\/v2\/pages\/2"}],"wp:attachment":[{"href":"https:\/\/partizani.al\/sq\/wp-json\/wp\/v2\/media?parent=59540"}],"curies":[{"name":"wp","href":"https:\/\/api.w.org\/{rel}","templated":true}]}}